{"id":8675,"date":"2020-08-11T12:35:02","date_gmt":"2020-08-11T10:35:02","guid":{"rendered":"http:\/\/localhost\/apps\/kinodvor\/index.php\/film\/srednjesolci\/"},"modified":"2020-08-11T13:02:08","modified_gmt":"2020-08-11T11:02:08","slug":"srednjesolci","status":"publish","type":"movie","link":"https:\/\/www.kinodvor.org\/en\/film\/srednjesolci\/","title":{"rendered":"Srednje\u0161olci"},"content":{"rendered":"<p>Olja je srednje\u0161olska u\u010diteljica zgodovine, poro\u010dena s slikarjem, \u010digar zadnja razstava je spro\u017eila nasilen odziv srbskih nacionalistov. Neke no\u010di Oljo prav zaradi te razstave napade skupina zamaskiranih huliganov, ki dogodek posnamejo in ga objavijo na YouTubu. Naslednjega dne Olja odkrije, da krivec za napad sedi v njenem razredu. U\u010dencem vzhi\u010dena zase\u017ee mobilnike in jih zaklene v \u0161olo, kjer nimajo dostopa ne do \u0161olskih telefonov ne do interneta. V tisti no\u010di se generacija, ki je bila odpisana, \u0161e preden je sploh dobila prilo\u017enost, o sebi in svojih so\u0161olcih nau\u010di ve\u010d, kot bi si lahko mislili.<\/p>\n<p>No\u010d, ki jo so\u0161olci brez mobitelov in odklopljeni z interneta prisilno pre\u017eivijo v \u0161oli, pregnete njihove odnose in pod vpra\u0161aj postavi na\u0161 pogled na mlado \u00bbfacebook\u00ab generacijo.<\/p>\n<p>\u00bbGledalci vstopimo globoko v Oljino intimo \u2013 spremljamo njen pogovor s prijateljicami, sledimo ji v klub, z njo pre\u017eivimo napad huliganov in vse, kar sledi, da bi v nekem trenutku (po zaklenitvi u\u010dencev) ostali &#8216;sami&#8217; s tistimi stra\u0161ljivimi bitji. A iz brezobli\u010dnega kupa mladostnikov za\u010dnejo kaj kmalu izstopati posamezniki s svojimi edinstvenimi zgodbami, ljubeznimi in strahovi. \/&#8230;\/ V njihovi dru\u017ebi posku\u0161amo pazljivo zru\u0161iti stereotipe, ki jih porajajo njihove pojave.\u00ab (Stevan Filipovi\u0107)<\/p>\n<p><strong>Stevan Filipovi\u0107<br \/><\/strong>Rojen leta 1981 v Beogradu, Srbija. Na beograjski Fakulteti dramskih umetnosti je diplomiral iz filmske in televizijske monta\u017ee. S svojima filmoma je doma po\u017eel velik uspeh tako pri kritikih kot pri gledalcih. Srednje\u0161olci, zmagovalec leto\u0161njega puljskega festivala, je njegov tretji celove\u010derec.<\/p>\n<p><strong>filmografija<br \/><\/strong>2006 Sejtanov ratnik (\u0160ejtanov bojevnik)<br \/>2010 \u0160i\u0161anje (Stri\u017eenje)<br \/>2015 Pored mene (Srednje\u0161olci)<\/p>\n<p><\/p>\n<p><\/p>\n","protected":false},"excerpt":{"rendered":"<p>No\u010d, ki jo so\u0161olci brez mobitelov in odklopljeni z interneta prisilno pre\u017eivijo v \u0161oli, pregnete njihove odnose in pod vpra\u0161aj postavi na\u0161 pogled na mlado \u00bbfacebook\u00ab generacijo.<\/p>\n","protected":false},"featured_media":8676,"template":"","meta":[],"acf":[],"_links":{"self":[{"href":"https:\/\/www.kinodvor.org\/en\/wp-json\/wp\/v2\/movies\/8675"}],"collection":[{"href":"https:\/\/www.kinodvor.org\/en\/wp-json\/wp\/v2\/movies"}],"about":[{"href":"https:\/\/www.kinodvor.org\/en\/wp-json\/wp\/v2\/types\/movie"}],"wp:featuredmedia":[{"embeddable":true,"href":"https:\/\/www.kinodvor.org\/en\/wp-json\/wp\/v2\/media\/8676"}],"wp:attachment":[{"href":"https:\/\/www.kinodvor.org\/en\/wp-json\/wp\/v2\/media?parent=8675"}],"curies":[{"name":"wp","href":"https:\/\/api.w.org\/{rel}","templated":true}]}}