{"id":400741,"date":"2026-05-07T08:32:51","date_gmt":"2026-05-07T06:32:51","guid":{"rendered":"https:\/\/www.kinodvor.org\/film\/vse-je-v-redu\/"},"modified":"2026-05-07T08:50:09","modified_gmt":"2026-05-07T06:50:09","slug":"vse-je-v-redu","status":"publish","type":"movie","link":"https:\/\/www.kinodvor.org\/en\/film\/vse-je-v-redu\/","title":{"rendered":"Vse je v redu"},"content":{"rendered":"<p>Ovdoveli S\u00e1ndor in sve\u017ee lo\u010dena S\u00e1ri v mladostnem navdu\u0161enju u\u017eivata v novi vezi. Tudi njuni otroci, S\u00e1ndorjeva sinova D\u00e9nes in Zsiga ter S\u00e1rina h\u010derka Kl\u00e1ra se lepo razumejo in mladi par na\u010drtuje skupno \u017eivljenje. Toda na dru\u017einskem praznovanju D\u00e9nesevega in S\u00e1rinega rojstnega dne se zgodi nesre\u010da, v kateri se hudo po\u0161koduje petletna Kl\u00e1ra. Tragi\u010dni dogodek pretrese vse vpletene, S\u00e1ndorja, razpetega med ljubeznijo do sina in zaro\u010denke, pa policijska preiskava postavi \u0161e pred dodatno nezavidljivo dilemo: Naj la\u017ee in D\u00e9nesa re\u0161i pred priporom ali naj pove resnico?&nbsp;<\/p>\n<p>\u00bbNavdihnila sta me dogodek iz lastnega \u017eivljenja in osebno spoprijemanje s star\u0161evstvom. To\u010dno se spominjam, kdaj sem dobil zamisel za film. Bil sem na igri\u0161\u010du s svojimi otroki. Grdo so se vedli, star\u0161i drugih otrok pa so kri\u010de planili nadme in zahtevali pravico. V trenutku sta me ob\u0161la dva povsem razli\u010dna instinkta. Oba zelo mo\u010dna. Prvi je bil o\u0161teti svoje otroke, izbolj\u0161ati njihovo vedenje in jim pridigati o morali. Drugi je bil nadvse silovit ob\u010dutek, da jih moram za\u0161\u010dititi. Bil je nenavaden, skrajno dvoumen nagib.\u00ab (B\u00e1lint D\u00e1niel S\u00f3s)<\/p>\n<p><b>B\u00e1lint D\u00e1niel S\u00f3s<br \/><\/b>Rojen leta 1977 v Budimpe\u0161ti, Mad\u017earska. Po diplomi iz estetike na univerzi E\u00f6tv\u00f6s Lor\u00e1nd je za\u010del re\u017eirati oglase. Je soustanovitelj zdru\u017eenja Kinopravda, ki povezuje filmske re\u017eiserje, producente in vizualne umetnike ter ima pomembno vlogo v mednarodni ogla\u0161evalski industriji. Ob tem \u017ee od nekdaj pi\u0161e kratke zgodbe in je dve od njih upodobil kot predlogi za svoja kratka filma. <i>Minden Rendben<\/i> je njegov celove\u010derni prvenec.<\/p>\n","protected":false},"excerpt":{"rendered":"<p>Dru\u017einska drama o moralni dilemi o\u010deta, ki je pri\u010da tragi\u010dnemu dogodku, v katerega je vpleten njegov dvanajstletni sin.<\/p>\n","protected":false},"featured_media":400742,"template":"","meta":[],"acf":[],"_links":{"self":[{"href":"https:\/\/www.kinodvor.org\/en\/wp-json\/wp\/v2\/movies\/400741"}],"collection":[{"href":"https:\/\/www.kinodvor.org\/en\/wp-json\/wp\/v2\/movies"}],"about":[{"href":"https:\/\/www.kinodvor.org\/en\/wp-json\/wp\/v2\/types\/movie"}],"wp:featuredmedia":[{"embeddable":true,"href":"https:\/\/www.kinodvor.org\/en\/wp-json\/wp\/v2\/media\/400742"}],"wp:attachment":[{"href":"https:\/\/www.kinodvor.org\/en\/wp-json\/wp\/v2\/media?parent=400741"}],"curies":[{"name":"wp","href":"https:\/\/api.w.org\/{rel}","templated":true}]}}