{"id":379096,"date":"2026-01-28T19:15:48","date_gmt":"2026-01-28T18:15:48","guid":{"rendered":"https:\/\/www.kinodvor.org\/film\/razpuscanje-vladarja\/"},"modified":"2026-01-28T19:17:09","modified_gmt":"2026-01-28T18:17:09","slug":"razpuscanje-vladarja","status":"publish","type":"movie","link":"https:\/\/www.kinodvor.org\/en\/film\/razpuscanje-vladarja\/","title":{"rendered":"Razpu\u0161\u010danje vladarja"},"content":{"rendered":"<p><b>zgodba<br \/><\/b>V 19. stoletju so \u010drnogorska plemena, ki jih vodi pesnik in \u0161kof Morlak, vpletena v starodavni boj proti skupnemu sovra\u017eniku. Ko Morlak hudo zboli, se odpravi na pot po zdravilo in zapusti svojo zaradi vojne opusto\u0161eno domovino. V upanju na ozdravitev in po\u010ditek se s h\u010derko in z zvestima slu\u017eabnikoma naseli v odmaknjeni hi\u0161i v ju\u017eni Italiji. Morlakovega najbolj zvestega spremljevalca Djuka, razpetega med dol\u017enost in domoto\u017eje, razjedajo globoka ob\u010dutja nostalgije, paranoje in strahu. V senci groze\u010de mo\u017enosti, da bo njegov u\u010ditelj umrl dale\u010d od doma, in vse bolj ljubosumen, ker se Morlak spoprijatelji z u\u010denjakom na obisku, se za\u010dne Djukov um razkrajati, kar ga pripelje do meja vzdr\u017eljivosti in domi\u0161ljije. Djukovo ljubosumje preraste v nasilje, ko Morlakova vrnitev domov naznani konec njegove vladavine.<\/p>\n<p><b>iz prve roke<br \/><\/b>\u00bbV filmu sem \u017eelel ponuditi nov pogled na zgodovinsko podobo \u010crne gore in izpodbijati perspektivo iz 19. stoletja, ki \u0161e vedno oblikuje njeno kulturno in politi\u010dno identiteto. Ta pogled pogosto opredeljujejo nazadnja\u0161tvo, patriarhalnost in boj za spravo s sodobnim svetom. Pripoved filma so sicer navdihnili zgodovinski dogodki in osebnosti, a moj cilj je bil ustvariti fikcijsko delo \u2013 novo interpretacijo pogleda na Sredozemlje v 19. stoletju. \/&#8230;\/\u00a0<br \/>Moje izhodi\u0161\u010de je bila tudi pomembna zgodovinska osebnost \u010crne gore, Petar II. Petrovi\u0107 \u2013 Njego\u0161, ki je bil pesnik, vladar in \u0161kof. \u010ceprav me njegova osebnost sprva ni zanimala, me je pritegnil, saj so ga v 20. stoletju sprejeli komunisti in pozneje nacionalisti, oboji pa so ga uporabili za svojo zgodbo. Postal je mitski lik, ki ga obdaja skrivnosten pridih, veljal pa je tudi za enega najbolj\u0161ih jugoslovanskih piscev.\u00ab<br \/>\u2013 Ivan Salati\u0107<\/p>\n<p><b>kritike<br \/><\/b>\u00bbSalati\u0107 z mojstrsko uporabo prostora, svetlobe in barv ustvarja svet, v katerem izgovorjene besede odzvanjajo kot melodije, vsaka sli\u010dica pa nosi te\u017eo odsotnosti in tudi prisotnosti. Salati\u0107ev drugi celove\u010derec je delo osupljive vizualne in \u010dustvene jasnosti, ki raziskuje, kako eksil in smrtnost poglobita povezanost z okoljem, ter nas opominja, da nas pokrajine, v katerih prebivamo, pogosto definirajo bolj, kot se zavedamo.\u00ab<br \/>\u2013 Vanja Kalu\u0111er\u010di\u0107, Mednarodni filmski festival v Rotterdamu<\/p>\n<p><b>portret avtorja<br \/><\/b>Ivan Salati\u0107 je scenarist in re\u017eiser, \u010digar dela so bila prikazana in nagrajena na \u0161tevilnih mednarodnih filmskih festivalih. Njegov kratki film <b>Dvori\u0161\u010da<\/b> (Dvori\u0161ta, 2015) so premierno prikazali v sekciji Obzorja na bene\u0161kem festivalu. Tudi njegov prvi celove\u010derec <b>Ti ima\u0161 no\u010d<\/b> (Ti ima\u0161 no\u0107, 2018; film smo gledali tudi na Kino Otoku) so predstavili na festivalu v Benetkah v okviru Tedna mednarodne kritike \u2013 \u0161lo je za prvi \u010drnogorski film, izbran v ta program.<\/p>\n","protected":false},"excerpt":{"rendered":"<p>Hipnoti\u010dna zgodovinska drama o \u010drnogorskem poetu in vladarju iz 19. stoletja ter njegovem slu\u017eabniku, o domoto\u017eju, koreninah, zvestobi in obravnavi zgodovine v (filmski) umetnosti.<\/p>\n","protected":false},"featured_media":379097,"template":"","meta":[],"acf":[],"_links":{"self":[{"href":"https:\/\/www.kinodvor.org\/en\/wp-json\/wp\/v2\/movies\/379096"}],"collection":[{"href":"https:\/\/www.kinodvor.org\/en\/wp-json\/wp\/v2\/movies"}],"about":[{"href":"https:\/\/www.kinodvor.org\/en\/wp-json\/wp\/v2\/types\/movie"}],"wp:featuredmedia":[{"embeddable":true,"href":"https:\/\/www.kinodvor.org\/en\/wp-json\/wp\/v2\/media\/379097"}],"wp:attachment":[{"href":"https:\/\/www.kinodvor.org\/en\/wp-json\/wp\/v2\/media?parent=379096"}],"curies":[{"name":"wp","href":"https:\/\/api.w.org\/{rel}","templated":true}]}}