{"id":31729,"date":"2022-02-04T12:44:48","date_gmt":"2022-02-04T11:44:48","guid":{"rendered":"http:\/\/localhost\/apps\/kinodvor\/film\/necista-kri\/"},"modified":"2022-02-04T12:47:13","modified_gmt":"2022-02-04T11:47:13","slug":"necista-kri","status":"publish","type":"movie","link":"https:\/\/www.kinodvor.org\/en\/film\/necista-kri\/","title":{"rendered":"Ne\u010dista kri"},"content":{"rendered":"<p>\u00bb\u0160tevilni starej\u0161i Samiji so pustili vse za seboj in postali \u0160vedi. Vedno sem se spra\u0161evala, kaj se ti zgodi, \u010de pretrga\u0161 vezi s svojo kulturo in zgodovino. Lahko res postane\u0161 nekdo drug? <strong>Ne\u010dista kri<\/strong> je poklon tistim, ki so od\u0161li, in tistim, ki so ostali \u2013 podan iz perspektive Elle Marje. Hotela sem posneti film, ki samijsko skupnost poka\u017ee od znotraj in v katerem temno plat \u0161vedske kolonialne zgodovine do\u017eivimo na fizi\u010den na\u010din. Film, pre\u017eet z joikom in krvjo.\u00ab<br \/>&#8211; Amanda Kernell<\/p>\n<p>\u00bb<strong>Ne\u010disto kri<\/strong> zaznamujeta jeza in ogor\u010denje, ki bi ju od drame, zgrajene okoli tako grozljivih dogodkov, tudi pri\u010dakovali \/\u2026\/. A zahvaljujo\u010d niansirani re\u017eiji Amande Kernell in pretresljivemu nastopu Lene Cecilie Sparrok je film hkrati briljantna zna\u010dajska \u0161tudija, ki poka\u017ee, kako tovrstna uradno odobrena zloraba zahrbtno napade tako um kot telesa svojih \u017ertev. \/\u2026\/ <strong>Ne\u010disto kri<\/strong> poganjajo upravi\u010den bes, psiholo\u0161ka ostrina in globoko so\u010dutje.\u00ab<br \/>&#8211; Steve Gravestock, Mednarodni filmski festival v Torontu<\/p>\n","protected":false},"excerpt":{"rendered":"<p>\u0160vedska, trideseta leta. Elle Marja, \u0161tirinajstletna pripadnica ljudstva Sami, se v internatu soo\u010da z rasizmom in prestaja poni\u017eujo\u010de psevdo-znanstvene raziskave. Da bi zbe\u017eala svoji usodi in uresni\u010dila sanje o bolj\u0161em \u017eivljenju, mora prevzeti novo identiteto ter pretrgati vse vezi s svojo dru\u017eino in kulturo \u2026<\/p>\n","protected":false},"featured_media":31730,"template":"","meta":[],"acf":[],"_links":{"self":[{"href":"https:\/\/www.kinodvor.org\/en\/wp-json\/wp\/v2\/movies\/31729"}],"collection":[{"href":"https:\/\/www.kinodvor.org\/en\/wp-json\/wp\/v2\/movies"}],"about":[{"href":"https:\/\/www.kinodvor.org\/en\/wp-json\/wp\/v2\/types\/movie"}],"wp:featuredmedia":[{"embeddable":true,"href":"https:\/\/www.kinodvor.org\/en\/wp-json\/wp\/v2\/media\/31730"}],"wp:attachment":[{"href":"https:\/\/www.kinodvor.org\/en\/wp-json\/wp\/v2\/media?parent=31729"}],"curies":[{"name":"wp","href":"https:\/\/api.w.org\/{rel}","templated":true}]}}