{"id":3046,"date":"2020-01-03T13:04:12","date_gmt":"2020-01-03T12:04:12","guid":{"rendered":"http:\/\/localhost\/apps\/kinodvor\/index.php\/film\/deklica-in-drevo\/"},"modified":"2020-01-03T13:34:38","modified_gmt":"2020-01-03T12:34:38","slug":"deklica-in-drevo","status":"publish","type":"movie","link":"https:\/\/www.kinodvor.org\/en\/film\/deklica-in-drevo\/","title":{"rendered":"Deklica in drevo"},"content":{"rendered":"<p><em>&#8230; kaj je zdaj s tisto pun\u010dko, ki si je \u017eelela kolo, <\/em><br \/><em>tako rde\u010de na tri kolesa; <\/em><br \/><em>\u017eelela, da bi ji Miklav\u017e prinesel mufek,<\/em><br \/><em>takega, kot ga ima Pitihova Polonica:<\/em><br \/><em>sivega z belim trakom in bingljajo\u010dimi cofki?<\/em><\/p>\n<p>Filmska pesem za dve du\u0161i. Morda meditacija. Pot v ti\u0161ino.<\/p>\n<p><strong>iz prve roke<\/strong><br \/>\u00bbMislil sem, da delamo film o minevanju. Zdaj vidim, da smo naredili film o tistem, ki ne mine.\u00ab<br \/>&#8211; Vlado \u0160kafar, avtor<\/p>\n<p><strong>portret avtorja<\/strong><br \/>Vlado \u0160kafar je avtor kratkih filmov <strong>Stari most<\/strong> (1998) in <strong>No\u010dni pogovori z Mojco<\/strong> (2008) ter celove\u010dercev <strong>Peterka: leto odlo\u010ditve<\/strong> (2003), <strong>Otroci<\/strong> (2008) in <strong>O\u010da<\/strong> (2010). Neko\u010d dejaven kot filmski publicist, tudi nekdanji programski vodja in sograditelj Slovenske kinoteke ter filmskega festivala Kino Otok.<\/p>\n<p><strong>kritike<\/strong><br \/>\u00bbMoj prvi odziv je bil, da je <strong>Deklica in drevo<\/strong> lep film. Pravzaprav sem te besede spontano mislil in izrekel v flam\u0161\u010dini: &#8216;een schone film&#8217;, kar ne pomeni le lep, temve\u010d tudi \u010dist. Ni\u010d ni odve\u010d in vse je tako osupljivo lepo. Lepe \u017eenske z ganljivo zgodbo, ki se zrcali v njihovih o\u010deh in izrisuje na njihovih telesih. Bogato razvejeno staro drevo sredi \u010dudovitega travnika.<br \/><strong>Deklica in drevo<\/strong> je film svetlobe. Ponavljajo\u010di se prehodi v svetlobo delujejo kot plima in oseka. S staranjem barve bledijo. Film je namesto s \u010drtami in kontrasti tanko\u010dutno naslikan z nenasi\u010denimi pasteli. Robovi posnetka nikoli niso meje, ampak zgolj oznake. Prostor in \u010das vsakega posnetka segata dale\u010d prek njegovih robov. <strong>Deklica in drevo<\/strong> neprestano prehaja med <em>tu<\/em> in <em>tam<\/em>, med <em>sedaj<\/em> in <em>neko\u010d<\/em>.<br \/>Tako kot v vseh \u0160kafarjevih filmih igra \u010das osrednjo vlogo. Ne kot abstrakten pojem, temve\u010d kot do\u017eiveta in \u017eiva izku\u0161nja. <strong>Deklica in drevo <\/strong>je film, ki si vzame \u010das. \u010cas za to, da poslu\u0161a, da gleda in da vidi. \u010cas za spominjanje in kontemplacijo. Za zami\u0161ljanje. Za razmi\u0161ljanje.<br \/><strong>Deklica in drevo <\/strong>je film asociacij; film, ki kljubuje kategorizaciji. &#8216;Vedno znova se moram nau\u010dit hodit&#8217;. <strong>Deklica in drevo <\/strong>nas vrne na to\u010dko, ko se moramo znova nau\u010diti sli\u0161ati in videti.<br \/><strong>Deklica in drevo <\/strong>je potovanje k soncu. Potovanje proti belemu listu. Listu, ki je prazen in vendarle tako poln.\u00ab<br \/>&#8211; Koen Van Daele<\/p>\n<p>\u00bbPodoben ob\u010dutek imate zdaj, ob gledanju <strong>Deklice in drevesa<\/strong>, kombinacije intervjuja, panteisti\u010dne meditacije, monologa, dialoga, izpovedi, vinjete, impresije, tripartitnega dokumentarca in cinefilskega poklona, v kateri \u0160kafar na zelenem, razsijanem, razigranem travniku ujame \u0160tefko Drolc in lvanko Me\u017ean, legendi slovenskega filma in teatra, ki se potem spominjata vsega razen svojih filmskih in gledali\u0161kih vlog, pri \u010demer pa &#8211; ironi\u010dno! sredi te nevtralne narave! &#8211; ohranita tisto dru\u017ebeno\/kulturno\/filmsko\/gledali\u0161ko razdelitev vlog, ki ju je vsa ta leta tako lo\u010devala, da ju je povsem zbli\u017eala. \/..\/ Toda ko ju gledate, imate ob\u010dutek, da sta povedali, kaj ju ti\u0161\u010di, in da sta zdaj pripravljeni na comeback.\u00ab ZA<br \/>&#8211; Marcel \u0160tefan\u010di\u010d jr, <em>Mladina<\/em><\/p>\n<p>\u00bbKot vsi \u0160kafarjevi filmi je tudi ta nekje na prese\u010di\u0161\u010du med dokumentarcem, fikcijo, pesmijo v prozi, psihoterapevtsko seanso in filozofskim esejem. Po\u010dasen, meditativen, v pastelih naslikan film brez ostrih rezov in robov, ki potrebuje \u010dustveno odprtega gledalca, razpolo\u017eenega za po\u010dasno vijuganje med radostmi in bole\u010dinami \u010dlove\u0161ke eksistence.\u00ab<br \/>&#8211; \u0160pela Barli\u010d, <em>Pogledi<\/em><\/p>\n","protected":false},"excerpt":{"rendered":"<p>Filmska pesem za dve du\u0161i. Morda meditacija. Pot v ti\u0161ino.<\/p>\n","protected":false},"featured_media":3047,"template":"","meta":[],"acf":[],"_links":{"self":[{"href":"https:\/\/www.kinodvor.org\/en\/wp-json\/wp\/v2\/movies\/3046"}],"collection":[{"href":"https:\/\/www.kinodvor.org\/en\/wp-json\/wp\/v2\/movies"}],"about":[{"href":"https:\/\/www.kinodvor.org\/en\/wp-json\/wp\/v2\/types\/movie"}],"wp:featuredmedia":[{"embeddable":true,"href":"https:\/\/www.kinodvor.org\/en\/wp-json\/wp\/v2\/media\/3047"}],"wp:attachment":[{"href":"https:\/\/www.kinodvor.org\/en\/wp-json\/wp\/v2\/media?parent=3046"}],"curies":[{"name":"wp","href":"https:\/\/api.w.org\/{rel}","templated":true}]}}