{"id":286820,"date":"2024-01-30T09:27:48","date_gmt":"2024-01-30T08:27:48","guid":{"rendered":"https:\/\/www.kinodvor.org\/film\/sparta\/"},"modified":"2024-01-30T09:32:26","modified_gmt":"2024-01-30T08:32:26","slug":"sparta","status":"publish","type":"movie","link":"https:\/\/www.kinodvor.org\/en\/film\/sparta\/","title":{"rendered":"\u0160parta"},"content":{"rendered":"<p><strong>iz prve roke<br \/><\/strong>\u00bbZna\u010daj in zunanji videz bratov sta bila namenoma zasnovana zelo razli\u010dno. Richie, boksar in \u0161armer stare \u0161ole, je vase zagledan pop pevec, ki nenehno hrepeni po pozornosti in priznanju. Njegov mlaj\u0161i brat Ewald pa je introvertiran in zadr\u017ean mo\u0161ki, ki mu primanjkuje samozavesti. Srame\u017eljiv je in nedostopen, nikoli ne i\u0161\u010de stikov z drugimi in vse posku\u0161a urediti sam. Bratoma je skupno le to, da sta odra\u0161\u010dala v istem domu in da ju oblikujejo spomini na skupno mladost. A tudi tu se kmalu pojavijo razlike. Medtem ko Richie svojemu dementnemu o\u010detu ne more odpustiti avtoritarne vzgoje in strogosti, ima Ewald do njega skorajda ne\u017een odnos, ne nazadnje zato, ker \u010duti o\u010detovo osamljenost in zapu\u0161\u010denost; ob\u010dutka, ki verjetno tudi njemu samemu nista tuja. Kljub vsem razlikam pa sta zgodbi bratov v filmih <strong>Rimini<\/strong> in <strong>\u0160parta<\/strong> vseeno povezani. \u010ceprav se obupano trudita prevzeti nadzor nad svojim \u017eivljenjem, obema spodleti in vsakega na svoj na\u010din dohiti preteklost. \/&#8230;\/ V svojih delih sem si vedno prizadeval raziskati protislovja med na\u0161imi mislimi in dejanji, ki so bistvo \u010dlove\u0161ke narave. Zavedam se, da je moj umetni\u0161ki pogled na svet in na\u010din, kako ga izra\u017eam v svojih filmih, v ostrem nasprotju s trenutnim duhom \u010dasa, ki zahteva poenostavljen in izklju\u010dujo\u010d \u2018ali-ali\u2019, \u010deprav \u2018in-in\u2019 veliko bolje opisuje \u010dlove\u0161ko izku\u0161njo. Vsi moji filmi, ves moj umetni\u0161ki opus je poziv k so\u010dutju do ranjenih in padlih, odrinjenih in izob\u010denih: namesto da bi jih (moralno) obsojal, zahtevam, da jih obravnavamo kot kompleksna in protislovna \u010dlove\u0161ka bitja.\u00ab<br \/>&#8211; Ulrich Seidl<\/p>\n","protected":false},"excerpt":{"rendered":"<p>Ulrich Seidl (Paradi\u017e, Safari) v svojem izjemno kontroverznem zaklju\u010dnem delu diptiha o na\u0161i nezmo\u017enosti pobega pred lastno preteklostjo spremlja Ewalda, mo\u0161kega srednjih let, brata Richieja Brava iz Riminija, ki na odro\u010dnem romunskem pode\u017eelju z okoli\u0161kimi de\u010dki zapu\u0161\u010deno \u0161olo preuredi v trdnjavo. Toda va\u0161\u010dani kmalu postanejo sumni\u010davi, Ewald pa se je prisiljen soo\u010diti z resnico, ki jo je dolgo zanikal.<\/p>\n","protected":false},"featured_media":287391,"template":"","meta":[],"acf":[],"_links":{"self":[{"href":"https:\/\/www.kinodvor.org\/en\/wp-json\/wp\/v2\/movies\/286820"}],"collection":[{"href":"https:\/\/www.kinodvor.org\/en\/wp-json\/wp\/v2\/movies"}],"about":[{"href":"https:\/\/www.kinodvor.org\/en\/wp-json\/wp\/v2\/types\/movie"}],"wp:featuredmedia":[{"embeddable":true,"href":"https:\/\/www.kinodvor.org\/en\/wp-json\/wp\/v2\/media\/287391"}],"wp:attachment":[{"href":"https:\/\/www.kinodvor.org\/en\/wp-json\/wp\/v2\/media?parent=286820"}],"curies":[{"name":"wp","href":"https:\/\/api.w.org\/{rel}","templated":true}]}}