{"id":280411,"date":"2025-04-09T08:15:03","date_gmt":"2025-04-09T06:15:03","guid":{"rendered":"https:\/\/www.kinodvor.org\/film\/moja-vesna\/"},"modified":"2025-04-09T08:17:16","modified_gmt":"2025-04-09T06:17:16","slug":"moja-vesna","status":"publish","type":"movie","link":"https:\/\/www.kinodvor.org\/en\/film\/moja-vesna\/","title":{"rendered":"Moja Vesna"},"content":{"rendered":"<p><strong>zgodba<br \/><\/strong>Desetletna Moja \u017eivi v predmestju Melbourna s slovenskim o\u010detom in nose\u010do dvajsetletno sestro Vesno. Ker se ne more sprijazniti z nedavno materino smrtjo, se raje pripravlja na rojstvo otroka. Upa, da bo Vesna zapolnila praznino, ki jo je za seboj pustila mama.<\/p>\n<p><strong>iz prve roke<br \/><\/strong>\u00bbZgodba filma <strong>Moja Vesna<\/strong> je fiktivna, vendar spredena iz tem in ob\u010dutkov, ki so bili prisotni v mojem otro\u0161tvu.\u00a0<br \/>\u017delela sem prikazati proces \u017ealovanja, nekaj, s \u010dimer se sre\u010da vsak od nas, pa vendar nas intenzivnost, nepredvidljivost in nasprotujo\u010da si narava ob\u010dutij, ki jih takrat do\u017eivljamo, pogosto razdvajajo. Vsak od dru\u017einskih \u010dlanov v filmu je pokojno osebo do\u017eivljal druga\u010de, zato je vsakemu na druga\u010den na\u010din te\u017eko \u2013 vsak je v svojih poskusih dojemanja njene smrti sam. Posebno me je zanimala Mojina otro\u0161ka samost, in pa njena iznajdba obrambnih mehanizmov, ki ji dajejo mo\u010d, medtem ko sta njen o\u010de in odrasla sestra Vesna preobremenjena z lastnimi stiskami. Film sem \u017eelela posneti iz njenega zornega kota \u2013 iz pogleda otroka, ki se je zna\u0161el sam po dogodku, ki ga \u0161ele sku\u0161a zares doumeti.<br \/>To je zgodba slovenske dru\u017eine v Avstraliji, pri \u010demer sem \u010drpala iz svoje migrantske izku\u0161nje; iz ob\u010dasnih ob\u010dutkov odtujenosti in nepovezanosti z okoljem, naravo, kulturo \u2013 kar pa postane toliko bolj ob\u010dutno, ko se \u010dlovek spopada s travmati\u010dnimi dogodki. Mojin o\u010de v filmu re\u010de, <em>\u2018Tu sem doma\u2019<\/em>, vendar se zdi ujet v brezzra\u010dju med dvema svetovoma, kot tudi v premajhni, neprenovljeni najemni\u0161ki hi\u0161i, otopel v svojem \u017ealovanju: sam sebi tujec. \u00a0<br \/>Upanje za pot naprej, v novo \u017eivost, je tam zunaj, med ljudmi; med novospletenimi vezmi, ki so edino, kar tujo de\u017eelo naredi dom. Moja in Vesna skozi film najdeta vsaka svojo pot naprej.\u00ab<br \/>&#8211; Sara Kern<\/p>\n<p><strong>portret avtorice<br \/><\/strong>Sara Kern (1989) je v Sloveniji rojena scenaristka in re\u017eiserka, ki \u017eivi v Melbournu v Avstraliji. Leta 2013 je diplomirala iz filmske re\u017eije na AGRFT in pred selitvijo v Avstralijo ve\u010d let delala kot scenaristka za otro\u0161ki in mladinski program slovenske nacionalne televizije. Njen kratkometra\u017eec <strong>Sre\u010dno, Orlo!<\/strong> je bil leta 2016 premierno prikazan na bene\u0161kem filmskem festivalu, se kasneje uvrstil na festivale v Torontu, Chicagu in Seattlu ter prejel \u0160tigli\u010dev pogled za re\u017eijo Dru\u0161tva slovenskih re\u017eiserjev. Svoj celove\u010derni prvenec <strong>Moja Vesna<\/strong> je Sara Kern razvijala v programu Talent Lab festivala v Torontu, na scenaristi\u010dni delavnici festivala v Torinu in v rezidenci fundacije Cin\u00e9fondation festivala v Cannesu, premierno pa ga je predstavila v sekciji Generacija Kplus na zadnjem Berlinalu.<\/p>\n<p><strong>kritike<br \/><\/strong>\u00bbLoti Kova\u010di\u010d je preprosto neverjetna \u2013 ima talent in nekak\u0161no umirjeno karizmo, ki jo kamera preprosto obo\u017euje. \/&#8230;\/ Nekateri filmski ustvarjalci so odlo\u010deni pripovedovati ganljive zgodbe, ki obravnavajo najte\u017eje teme, in imajo tudi za to potrebni talent. Slovensko-avstralska re\u017eiserka Sara Kern je ena izmed njih.\u00ab<br \/>&#8211; Vladan Petkovi\u0107, <em>Cineuropa<\/em><\/p>\n<p>\u00bbRe\u017eiserka in scenaristka Sara Kern v svojem impresivnem celove\u010dernem prvencu natan\u010dno in rahlo\u010dutno, z izjemnim ob\u010dutkom za drobne geste in medosebno dinamiko, pripoveduje o izgubi in tola\u017ebi.\u00ab<br \/>&#8211; <em>Berlinale<\/em><\/p>\n<p>\u00bbSara Kern dobro razume, kako je lahko um mladega dekleta hkrati neukrotljiv in skrajno ob\u010dutljiv. Re\u017eiserka vodi Loti Kova\u010di\u010d skozi izjemno igralsko predstavo kot nekoga, ki je prisiljen nositi prete\u017eko breme ob nepravem \u010dasu. Tudi Mackenzie Mazur je v vlogi samovoljne, vihrave Vesne pravo razodetje. \/&#8230;\/ Sonce vedno vzide in ne\u017eno vznemirjujo\u010di film Sare Kern je tu, da nas vzame v svoj topli objem.\u00ab<br \/>&#8211; Stephen A Russell, <em>Time Out<\/em><\/p>\n<p>\u00bb<strong>Moja Vesna<\/strong>, tematski park tesnobe, nelagodja, \u017ealosti, \u017ealovanja, prebolevanja, ujetosti in napetosti, sku\u0161a tisto mu\u010dno sve\u010dano, nespro\u0161\u010deno, iritantno filmsko sloven\u0161\u010dino, ki misli, da mora v vsakem stavku izre\u010di vso Slovenijo, odre\u0161iti s selitvijo v Melbourne, s \u010dimer ji najde okolje, v katerem seji ni treba ukvarjati s sabo, temve\u010d s samim filmom \/&#8230;\/ Sara Kern se tej filmi\u010dnosti, tej ekstati\u010dnosti slike (in izraza), temu bogastvu &#8216;preprostih dogajanj&#8217;, no\u010de odpovedati \u2013 s pomo\u010djo direktorja fotografije Leva Predana Kowarskega \/&#8230;\/, poskrbi, da predmeti in &#8216;neme&#8217; stvari, ki obkro\u017eajo protagoniste \/&#8230;\/, o\u017eivijo in &#8216;govorijo&#8217; na enak na\u010din, kot igralec govori z drugim igralcem. Kot bi hotela ekranizirati Arnheimov dictum: &#8216;<em>Prikazovanje \u010dlove\u0161kega naravnega okolja je bil eden izmed dose\u017ekov, ki so upravi\u010dili obstoj filma.&#8217;<\/em> ZA+\u00ab<br \/>&#8211; Marcel \u0160tefan\u010di\u010d, jr., <em>Mladina<\/em><\/p>\n<p>\u00bb<strong>Moja Vesna<\/strong> je eno tistih \u017elahtno filmi\u010dnih del, ki se ne zana\u0161ajo na obilno podporo zgodbe s klasi\u010dno dramaturgijo, niti se za usmerjanje \u010dustvenega do\u017eivljanje gledalca ne zatekajo h glasbi, ampak svojo tiho mo\u010d \u010drpajo iz premi\u0161ljene rabe tistih pripovednih sredstev, ki so filmu najbolj lastna: kamere in kadriranja, svetlobe, barvne palete, zvo\u010dnih detajlov, izbire formata slike. Z njimi re\u017eiserka gradi edinstveno atmosfero, ki z gledalcem komunicira predvsem na \u010dustveni, intuitivni ravni in manj na intelektualni. \u010ceprav je igra celotnega igralskega ansambla zelo subtilna, je film pre\u017eet z mo\u010dni ob\u010dutji, obenem pa vseskozi ostaja zelo intimen, osredoto\u010den na svoje ranjene like in njihove notranje boje.\u00ab<br \/>&#8211; \u0160pela Barli\u010d, <em>Radio Slovenija<\/em><\/p>\n","protected":false},"excerpt":{"rendered":"<p>Celove\u010derni prvenec v Avstraliji \u017eive\u010de slovenske re\u017eiserke je topla in tanko\u010dutna zgodba o deklici, ki se spopada z nepredstavljivo izgubo. Film je svetovno premiero do\u017eivel na zadnjem Berlinalu.<\/p>\n","protected":false},"featured_media":280692,"template":"","meta":[],"acf":[],"_links":{"self":[{"href":"https:\/\/www.kinodvor.org\/en\/wp-json\/wp\/v2\/movies\/280411"}],"collection":[{"href":"https:\/\/www.kinodvor.org\/en\/wp-json\/wp\/v2\/movies"}],"about":[{"href":"https:\/\/www.kinodvor.org\/en\/wp-json\/wp\/v2\/types\/movie"}],"wp:featuredmedia":[{"embeddable":true,"href":"https:\/\/www.kinodvor.org\/en\/wp-json\/wp\/v2\/media\/280692"}],"wp:attachment":[{"href":"https:\/\/www.kinodvor.org\/en\/wp-json\/wp\/v2\/media?parent=280411"}],"curies":[{"name":"wp","href":"https:\/\/api.w.org\/{rel}","templated":true}]}}