{"id":2290,"date":"2020-01-03T13:04:56","date_gmt":"2020-01-03T12:04:56","guid":{"rendered":"http:\/\/localhost\/apps\/kinodvor\/index.php\/film\/obsojeni\/"},"modified":"2020-01-03T13:33:30","modified_gmt":"2020-01-03T12:33:30","slug":"obsojeni","status":"publish","type":"movie","link":"https:\/\/www.kinodvor.org\/en\/film\/obsojeni\/","title":{"rendered":"Obsojeni"},"content":{"rendered":"<p>Martin, nekdanji argentinski aktivist, ki je pre\u017eivel trideset let v\u00a0izgnanstvu v\u00a0\u0160paniji, se na pro\u0161njo starega prijatelja Raula vrne v\u00a0svoj rojstni kraj. Ta ga prosi za pomo\u010d pri izkopavanju, ki ga je na skrivaj za\u010del v\u00a0Tucumanskem gozdu. Najti \u017eeli ostanke prijatelja Ezequiela, izginulega v\u00a0spopadu z\u00a0vojsko. Prijatelja se na skrivaj odpravita v\u00a0mo\u010dvirnato latinsko-ameri\u0161ko d\u017eunglo. Ker sta si nekaj dni prisiljena deliti streho nad glavo, se kmalu zavesta, da se je njuno pojmovanje sveta zelo spremenilo. S\u00a0tem ko izkopavanje napreduje, napetost nara\u0161\u010da\u00a0\u2026<\/p>\n<p>\u00bbTudi brez omembe dolo\u010denega kraja ali \u010dasa bodo \u0161pansko govore\u010di gledalci film videli kot argentinski, saj so od tam vsi igralci. Pri napetostih v\u00a0Latinski Ameriki me je \u0161e zlasti zanimalo, da jih je mogo\u010de prenesti v\u00a0drug prostor, a ohranjajo dolo\u010den dejavnik, ki ga zaradi kronologije ni mogo\u010de uporabiti drugje: prehajanje idej iz ene generacije v\u00a0drugo in kako se ob tem preoblikujejo. \/\u2026\/ V\u00a0filmu sem \u017eelel priklicati duha romanov Josepha Conrada in Hermana Melvilla: ustvarjata moralne dileme in bralca pritegneta k\u00a0ugibanju, kak\u0161en bo junakov naslednji korak.\u00ab (Isaki Lacuesta)<\/p>\n<hr \/>\n<p><strong>Isaki Lacuesta<\/strong><br \/>Rojen leta 1975\u00a0v\u00a0Gironi, \u0160panija. \u0160tudiral je avdiovizualno komuniciranje na Univerzi Aut\u00f3noma v\u00a0Barceloni in nadaljeval doktorski \u0161tudij kreativnega dokumentiranja na Univerzi Pompeu Fabra. Sedaj predava sodobne \u0161tudije in redno objavlja prispevke. Posnel je nekaj kratkih filmov. Obsojeni je njegov tretji celove\u010derec.<\/p>\n<p><strong>filmografija<\/strong><br \/>1996\u00a0El amanecer es duro (kratki)<br \/>1996\u00a0Crestas (kratki)<br \/>2000\u00a0Caras vs Caras (kratki)<br \/>2002\u00a0D\u00e9ja vu O (kratki)<br \/>2002\u00a0Cravan vs. Cravan (Cravan proti Cravanu)<br \/>2003\u00a0Description (kratki)<br \/>2003\u00a0Ressonancies magnetiques (kratki)<br \/>2003\u00a0Microscopias (kratki)<br \/>2006\u00a0La leyenda del tiempo (The Legend of Time)<br \/>2007\u00a0Las variociones Marker (kratki)<br \/>2009\u00a0In Between Days (sore\u017eija)<br \/>2009\u00a0Los condenados (Obsojeni)<\/p>\n<p><\/p>\n","protected":false},"excerpt":{"rendered":"<p>Intenzivna razpolo\u017eenjska drama o\u00a0argentinskem gverilcu v\u00a0izgnanstvu, ki se vrne v\u00a0domovino, kjer se je pred tridesetimi leti boril proti diktaturi.<\/p>\n","protected":false},"featured_media":2291,"template":"","meta":[],"acf":[],"_links":{"self":[{"href":"https:\/\/www.kinodvor.org\/en\/wp-json\/wp\/v2\/movies\/2290"}],"collection":[{"href":"https:\/\/www.kinodvor.org\/en\/wp-json\/wp\/v2\/movies"}],"about":[{"href":"https:\/\/www.kinodvor.org\/en\/wp-json\/wp\/v2\/types\/movie"}],"wp:featuredmedia":[{"embeddable":true,"href":"https:\/\/www.kinodvor.org\/en\/wp-json\/wp\/v2\/media\/2291"}],"wp:attachment":[{"href":"https:\/\/www.kinodvor.org\/en\/wp-json\/wp\/v2\/media?parent=2290"}],"curies":[{"name":"wp","href":"https:\/\/api.w.org\/{rel}","templated":true}]}}