{"id":107226,"date":"2020-01-03T13:03:12","date_gmt":"2020-01-03T12:03:12","guid":{"rendered":"https:\/\/www.kinodvor.org\/film\/nori-dnevi\/"},"modified":"2020-01-03T13:44:50","modified_gmt":"2020-01-03T12:44:50","slug":"nori-dnevi","status":"publish","type":"movie","link":"https:\/\/www.kinodvor.org\/en\/film\/nori-dnevi\/","title":{"rendered":"Nori dnevi"},"content":{"rendered":"<p><strong>zgodba<\/strong><br \/>Dokumentarec nas popelje v obi\u010dajno skriti svet du\u0161evno druga\u010dnih posameznikov, ki jih je dru\u017eba izlo\u010dila in spremenila v paciente v procesu farmakolo\u0161kega zdravljenja. Skozi skrbno zabele\u017eene trenutke dveh \u017eivljenj se poraja vpra\u0161anje, kdo je tu pravzaprav nor. Posebna omemba na festivalu ZagrebDox in vesna za posebne dose\u017eke v Portoro\u017eu.<\/p>\n<p><strong>iz prve roke<\/strong><br \/>\u00bbSpoznal sem posameznike, ki so se tedensko sre\u010devali na skupinski terapiji. \/\u2026\/ Stra\u0161ljivo je bilo ugotoviti, da jim zdravila in medicinska obravnava ne pomagajo, saj v ve\u010dini primerov i\u0161\u010dejo predvsem so\u010dutje in razumevanje. Ti ljudje se nimajo za du\u0161evno bolne, temve\u010d za du\u0161evno raznolike, in dlje ko sem bil v stiku z njimi, bolj sem spoznaval, da to dr\u017ei. Ob materi, ki so ji diagnosticirali du\u0161evno motnjo, in z udele\u017ebo na skupinskih terapijah sem spoznal, da so te osebe toliko bolj rahlo\u010dutne in ranljive, po drugi strani pa neverjetno sr\u010dne in iskrene. Maji in Mladenu, na\u0161ima protagonistoma, je bila v\u0161e\u010d zamisel, da bi se snemala in odkrito razkrila svoj boj, ne le s sistemom, ampak tudi z lastnimi strahovi. Prejela sta majhne kamere in zabele\u017eila video dnevnik zanju pomembnih trenutkov iz svoje okolice. Nemalo teh dogodkov je pretresljivo intimnih. Naslednja tri leta sem ju opazoval in rezultat je participativen observacijski dokumentarec s sre\u010dnim koncem. Toda bolj kot karkoli sem \u017eelel pokazati, da je iz na\u0161ih malome\u0161\u010danskih predsodkov o norosti in du\u0161evnih motnjah v\u010dasih mogo\u010de najti izhod.\u00ab<br \/>&#8211; Damian Nenadi\u0107<\/p>\n<p><strong>portret avtorja<\/strong><br \/>Damian Nenadi\u0107 se je rodil leta 1979 v Zagrebu, kjer je diplomiral iz filmske in televizijske fotografije na Akademiji za dramsko umetnost in iz biologije na Filozofski fakulteti. Nato je vrsto let delal kot veterinarski trener z opicami in morskimi levi v \u017eivalskem vrtu ter sodeloval v projektih re\u0161evanja in varovanja \u017eivali na Portugalskem, v \u0160paniji, Franciji in na Hrva\u0161kem. Trenutno dela kot samostojni fotograf, direktor fotografije in glasbeni video re\u017eiser. Pred <strong>Norimi dnevi<\/strong> je v sore\u017eiji s Sandro Basta\u0161i\u0107 posnel kratek dokumentarni film <strong>Umetnik na dopustu<\/strong> (2015).<\/p>\n<p><strong>kritike<\/strong><br \/>\u00bb\/\u2026\/ kon\u010dni rezultat je surov in ganljiv film ter v marsikaterem pogledu izku\u0161nja, ki nam odpre o\u010di. \/\u2026\/ <strong>Nori dnevi<\/strong> sprva delujejo skoraj kot amaterski video projekt \/\u2026\/, dokler ne spoznamo, da gre za klic na pomo\u010d, poskus ozave\u0161\u010denja in dru\u017ebeno kritiko.\u00ab<br \/>&#8211; Vladan Petkovi\u0107, <em>Cineuropa<\/em><\/p>\n<p>\u00bb<strong>Nori dnevi<\/strong> nas malodane prestra\u0161ijo s filmskim ugibanjem, ali se za du\u0161evno obolelostjo morda ne skrivajo zgolj neskon\u010dna ranljivost \u017eivljenja, \u010dlove\u0161ka nemo\u010d in sovra\u017eni demoni, ki kro\u017eijo med nami. Film brez moraliziranja odpira mu\u010dna vpra\u0161anja, kako se na du\u0161evne stiske odzovemo mi, kako reagira sistem, medicina, farmacija. Zaradi premi\u0161ljene, \u010deprav zgolj navidezne odsotnosti avtorja ostane samo iskren, do surovosti prepri\u010dljiv dokument, ki na gledalca deluje skoraj fizi\u010dno.\u00ab<br \/>&#8211; utemeljitev vesne za posebne dose\u017eke, FSF<\/p>\n<p>\u00bbNenadi\u0107 se izogne senzacionalisti\u010dnemu izkori\u0161\u010danju, ko kamero izro\u010di svojima protagonistoma in jima tako preda nadzor nad tem, kaj bi rada pokazala. \/\u2026\/ Filmska umetnost se razkrije kot del dragocenega terapevtskega popotovanja in radikalna potrditev pomena \u010dlove\u0161ke razli\u010dnosti.\u00ab <br \/>&#8211; Carmen Gray, <em>Modern Times Review<\/em><\/p>\n<p>\u00bbNenavadni spoj &#8216;doma\u010dega videa&#8217; in zelo resne sociolo\u0161ke \u0161tudije se ozre tudi v slovenski Muzej norosti na Tratah in dramati\u010dno prika\u017ee soo\u010denje junakinje z grobom njene matere.\u00ab<br \/>&#8211; Nenad Polimac, <em>Jutarnji list<\/em><\/p>\n<p>\u00bb\/\u2026\/ svojevrsten \/\u2026\/ anti-psihiatri\u010dni manifest.\u00ab<br \/>&#8211; Damir Radi\u0107, <em>Novosti<\/em><\/p>\n<p>\u00bbFilm, ki se za\u010dne kot intimen dvojni portret &#8216;norosti&#8217;, tako na koncu izzveni v antipsihiatri\u010dni manifest, ki spro\u017ea razpravo o u\u010dinkovitosti metod, s katerimi medicina danes pristopa k du\u0161evno druga\u010dnim. Pri tem se dosledno izogiba eksploatacijskemu senzacionalizmu in prek subtilnih prizorov zlagoma gradi svoj poziv k druga\u010dnemu pogledu na du\u0161evno bolne, ki morda bolj kot zdravila potrebujejo ve\u010d \u010dlove\u0161kega razumevanja in bolj\u0161o integracijo v skupnost.\u00ab<br \/>&#8211; \u0160pela Barli\u010d, <em>Ve\u010der<\/em><\/p>\n","protected":false},"excerpt":{"rendered":"<p>Dokumentarec nas popelje v obi\u010dajno skriti svet du\u0161evno druga\u010dnih posameznikov, ki jih je dru\u017eba izlo\u010dila in spremenila v paciente v procesu farmakolo\u0161kega zdravljenja.<\/p>\n","protected":false},"featured_media":107421,"template":"","meta":[],"acf":[],"_links":{"self":[{"href":"https:\/\/www.kinodvor.org\/en\/wp-json\/wp\/v2\/movies\/107226"}],"collection":[{"href":"https:\/\/www.kinodvor.org\/en\/wp-json\/wp\/v2\/movies"}],"about":[{"href":"https:\/\/www.kinodvor.org\/en\/wp-json\/wp\/v2\/types\/movie"}],"wp:featuredmedia":[{"embeddable":true,"href":"https:\/\/www.kinodvor.org\/en\/wp-json\/wp\/v2\/media\/107421"}],"wp:attachment":[{"href":"https:\/\/www.kinodvor.org\/en\/wp-json\/wp\/v2\/media?parent=107226"}],"curies":[{"name":"wp","href":"https:\/\/api.w.org\/{rel}","templated":true}]}}